{"id":1564,"date":"2022-05-09T15:17:29","date_gmt":"2022-05-09T13:17:29","guid":{"rendered":"https:\/\/www.osellameavvocati.it\/web\/?page_id=1564"},"modified":"2022-09-30T09:13:12","modified_gmt":"2022-09-30T07:13:12","slug":"servizi","status":"publish","type":"page","link":"https:\/\/www.osellameavvocati.it\/web\/servizi\/","title":{"rendered":"Competenze"},"content":{"rendered":"\n<div class=\"wp-block-ivory-heading heading\"><header class=\"heading--entry\"><div class=\"row\"><div class=\"col-12 col-lg-10\"><h6 class=\"heading__subtitle mt-0\" style=\"color: #363431;\">Servizi e ambiti<\/h6><h1 class=\"heading__title m-0\" style=\"color: #ba9678;\">Soluzioni ad hoc per tutelare<\/h1><\/div><\/div><\/header><\/div>\n\n\n\n<div class=\"wp-block-ivory-image-distortion-effect image-distortion-effect\"><div class=\"image-distortion-effect__display image-distortion-effect__display--center pattern\"><div class=\"poster poster--horizontal\" data-src=\"https:\/\/www.osellameavvocati.it\/web\/wp-content\/uploads\/2022\/06\/avvocato-luisa-osellame-studio.jpg\" data-id=\"1751\"><figure><\/figure><\/div><\/div><\/div>\n\n\n\n<div class=\"wp-block-columns\">\n<div class=\"wp-block-column\">\n<h4 style=\"color:#ba9678\">Da oltre vent\u2019anni al vostro fianco<\/h4>\n<h5>Lo Studio nell\u2019ambito del diritto penale e procedura penale offre ai propri Clienti un\u2019assistenza e consulenza legale d\u2019eccellenza sia in ambito giudiziario, che in sede preventiva.<\/h5>\n<\/div>\n<\/div>\n\n\n\n<div style=\"height:70px\" aria-hidden=\"true\" class=\"wp-block-spacer\"><\/div>\n\n\n\n<div class=\"wp-block-columns\">\n<div class=\"wp-block-column\" style=\"flex-basis:25%\">\n<figure class=\"wp-block-image size-full\"><img loading=\"lazy\" width=\"1100\" height=\"1100\" src=\"https:\/\/www.osellameavvocati.it\/web\/wp-content\/uploads\/2022\/09\/toga.jpg\" alt=\"toga avvocato\" class=\"wp-image-1912\" srcset=\"https:\/\/www.osellameavvocati.it\/web\/wp-content\/uploads\/2022\/09\/toga.jpg 1100w, https:\/\/www.osellameavvocati.it\/web\/wp-content\/uploads\/2022\/09\/toga-300x300.jpg 300w, https:\/\/www.osellameavvocati.it\/web\/wp-content\/uploads\/2022\/09\/toga-1024x1024.jpg 1024w, https:\/\/www.osellameavvocati.it\/web\/wp-content\/uploads\/2022\/09\/toga-150x150.jpg 150w, https:\/\/www.osellameavvocati.it\/web\/wp-content\/uploads\/2022\/09\/toga-768x768.jpg 768w, https:\/\/www.osellameavvocati.it\/web\/wp-content\/uploads\/2022\/09\/toga-120x120.jpg 120w, https:\/\/www.osellameavvocati.it\/web\/wp-content\/uploads\/2022\/09\/toga-676x676.jpg 676w, https:\/\/www.osellameavvocati.it\/web\/wp-content\/uploads\/2022\/09\/toga-1014x1014.jpg 1014w\" sizes=\"100vw\" \/><\/figure>\n<\/div>\n\n\n\n<div class=\"wp-block-column\" style=\"flex-basis:75%\">\n<h5 style=\"color:#ba9678\">\u00c8 giusto sapere&#8230;<\/h5>\n<p>La professione dell\u2019avvocato penalista pu\u00f2 e deve essere svolta con spirito innovativo, che va ben oltre la semplice assistenza nell\u2019ambito del procedimento penale. Lavoriamo per fornire un reale valore aggiunto, anticipando e prevenendo ogni problema che possa danneggiare la serenit\u00e0 del Cliente e le loro attivit\u00e0 di impresa o professionali. Essere accusato di un reato infatti pu\u00f2 essere estremamente impattante ed avere gravi ripercussioni sulla vita professionale, familiare, lavorativa e sociale. Perci\u00f2 difendere con competenza ed esperienza \u00e8 la nostra Mission primaria.<\/p>\n<\/div>\n<\/div>\n\n\n\n<div class=\"wp-block-columns\">\n<div class=\"wp-block-column\">\n<h5 style=\"color:#ba9678\"><a href=\"https:\/\/www.osellameavvocati.it\/web\/servizi\/reati-societari\/\">Diritto penale societario, fallimentare e tributario<\/a><\/h5>\n<\/div>\n\n\n\n<div class=\"wp-block-column\">\n<h5 style=\"color:#ba9678\">Diritto penale e sicurezza sul lavoro<\/h5>\n<\/div>\n\n\n\n<div class=\"wp-block-column\">\n<h5 style=\"color:#ba9678\">Responsabilit\u00e0 da reato degli enti ai sensi del D.Igs 231\/2001<\/h5>\n<\/div>\n\n\n\n<div class=\"wp-block-column\">\n<h5 style=\"color:#ba9678\">Diritto penale della propriet\u00e0 intellettuale e industriale<\/h5>\n<\/div>\n<\/div>\n\n\n\n<div class=\"wp-block-columns\">\n<div class=\"wp-block-column\">\n<h5>Diritto penale ambientale<\/h5>\n<\/div>\n\n\n\n<div class=\"wp-block-column\">\n<h5>Diritto penale dell\u2019urbanistica e dell\u2019edilizia<\/h5>\n<\/div>\n\n\n\n<div class=\"wp-block-column\">\n<h5>Diritto penale della Pubblica Amministrazione in ambito immobiliare<\/h5>\n<\/div>\n\n\n\n<div class=\"wp-block-column\">\n<h5>Diritto penale dell\u2019informatica e profili penali della tutela della privacy<\/h5>\n<\/div>\n<\/div>\n\n\n\n<div class=\"wp-block-columns\">\n<div class=\"wp-block-column\">\n<h5 style=\"color:#ba9678\">Diritto penale dell\u2019attivit\u00e0 bancaria e assicurativa<\/h5>\n<\/div>\n\n\n\n<div class=\"wp-block-column\">\n<h5 style=\"color:#ba9678\"><a href=\"https:\/\/www.osellameavvocati.it\/web\/servizi\/reati-contro-la-persona\/\">Reati contro la vita, l\u2019incolumit\u00e0 individuale e la libert\u00e0 personale e morale (omicidio, lesioni, percosse, violenza privata, diffamazione, minaccia, ecc\u2026)<\/a><\/h5>\n<\/div>\n\n\n\n<div class=\"wp-block-column\">\n<h5 style=\"color:#ba9678\"><a href=\"https:\/\/www.osellameavvocati.it\/web\/servizi\/reati-familiari\/\">Reati familiari (maltrattamenti, stalking, violenze, ecc\u2026)<\/a><\/h5>\n<\/div>\n\n\n\n<div class=\"wp-block-column\">\n<h5 style=\"color:#ba9678\"><a href=\"https:\/\/www.osellameavvocati.it\/web\/servizi\/reati-contro-il-patrimonio\/\">Reati contro il patrimonio (truffa, appropriazione indebita, furto, rapina, ecc\u2026)<\/a><\/h5>\n<\/div>\n<\/div>\n\n\n\n<div class=\"wp-block-columns\">\n<div class=\"wp-block-column\">\n<h5>Reati in materia di stupefacenti<\/h5>\n<\/div>\n\n\n\n<div class=\"wp-block-column\">\n<h5 style=\"color:#363431\"><a href=\"https:\/\/www.osellameavvocati.it\/web\/servizi\/violazioni-del-codice-della-strada\/\"><font color=\"#363431\">Violazioni del codice della strada<\/font><\/a><\/h5>\n<\/div>\n\n\n\n<div class=\"wp-block-column\">\n<h5>Responsabilit\u00e0 penali dei professionisti<\/h5>\n<\/div>\n\n\n\n<div class=\"wp-block-column\">\n<h5>Diritto dell\u2019esecuzione penale e delle misure di prevenzione<\/h5>\n<\/div>\n<\/div>\n\n\n\n<div style=\"height:30px\" aria-hidden=\"true\" class=\"wp-block-spacer\"><\/div>\n\n\n\n<h6>Lo Studio negli anni ha maturato grande esperienza anche nel campo del diritto civile fornendo assistenza e consulenza, giudiziale e stragiudiziale. <br>\nIn particolare tratta: diritto di famiglia e dei minori, responsabilit\u00e0 civile, contrattualistica, successioni ereditarie, gestione del credito e diritto commerciale. <br>\nGrazie alle partnership lo Studio si occupa anche di altri settori specializzati quali diritto bancario e diritto amministrativo.\n<\/h6>\n\n\n\n<div style=\"height:10px\" aria-hidden=\"true\" class=\"wp-block-spacer\"><\/div>\n\n\n\n<div class=\"wp-block-columns\">\n<div class=\"wp-block-column\">\n<h5 style=\"color:#ba9678\">Diritto immobiliare<\/h5>\n<\/div>\n\n\n\n<div class=\"wp-block-column\">\n<h5 style=\"color:#ba9678\">Recupero crediti<\/h5>\n<\/div>\n\n\n\n<div class=\"wp-block-column\">\n<h5 style=\"color:#ba9678\">Materia contrattuale<\/h5>\n<\/div>\n\n\n\n<div class=\"wp-block-column\">\n<h5 style=\"color:#ba9678\">Diritto di famiglia e dei minori<\/h5>\n<\/div>\n<\/div>\n\n\n\n<div class=\"wp-block-columns\">\n<div class=\"wp-block-column\">\n<h5>Diritto assicurativo<\/h5>\n<\/div>\n\n\n\n<div class=\"wp-block-column\">\n<h5>Mediazione, arbitrato negoziazione assistita e ADR<\/h5>\n<\/div>\n\n\n\n<div class=\"wp-block-column\">\n<h5>Diritto fallimentare<\/h5>\n<\/div>\n\n\n\n<div class=\"wp-block-column\">\n<h5>Ristrutturazione del debito e procedure concorsuali<\/h5>\n<\/div>\n<\/div>\n\n\n\n<div class=\"wp-block-columns\">\n<div class=\"wp-block-column\">\n<h5 style=\"color:#ba9678\">Diritto commerciale e societario<\/h5>\n<\/div>\n\n\n\n<div class=\"wp-block-column\">\n<h5 style=\"color:#ba9678\">Diritto amministrativo<\/h5>\n<\/div>\n\n\n\n<div class=\"wp-block-column\"><\/div>\n\n\n\n<div class=\"wp-block-column\"><\/div>\n<\/div>\n\n\n\n<div style=\"height:70px\" aria-hidden=\"true\" class=\"wp-block-spacer\"><\/div>\n\n\n\n<h5 style=\"color:#ba9678\">Assistenza legale continuativa<\/h5>\n<h2 style=\"margin-top: -10px;\">Legal Advisor e Problem Solver<\/h2>\n<p>Approfondendo tematiche di Business affini alla professione e di psicologia giuridica e crescita personale ci si sta sempre pi\u00f9 addentrando nella specializzazione di Avvocato intesa come Legal Advisor e Problem Solver in modo da seguire gli assistiti in tutta l\u2019evoluzione del problema. L\u2019obiettivo principe \u00e8 quello di creare valore per le persone e le imprese, accompagnando i Clienti passo a passo nel percorso della gestione delle questioni legali con consulenze anche \u201cpreventive\u201d, senza dover poi ricorrere al professionista solo come rimedio, spesso tardivo ed oneroso.<\/p>\n","protected":false},"excerpt":{"rendered":"<p>Servizi e ambiti Soluzioni ad hoc per tutelare Da oltre vent\u2019anni al vostro fianco Lo Studio nell\u2019ambito del diritto penale e procedura penale offre ai&hellip;<\/p>\n","protected":false},"author":1,"featured_media":1751,"parent":0,"menu_order":0,"comment_status":"closed","ping_status":"closed","template":"","meta":[],"_links":{"self":[{"href":"https:\/\/www.osellameavvocati.it\/web\/wp-json\/wp\/v2\/pages\/1564"}],"collection":[{"href":"https:\/\/www.osellameavvocati.it\/web\/wp-json\/wp\/v2\/pages"}],"about":[{"href":"https:\/\/www.osellameavvocati.it\/web\/wp-json\/wp\/v2\/types\/page"}],"author":[{"embeddable":true,"href":"https:\/\/www.osellameavvocati.it\/web\/wp-json\/wp\/v2\/users\/1"}],"replies":[{"embeddable":true,"href":"https:\/\/www.osellameavvocati.it\/web\/wp-json\/wp\/v2\/comments?post=1564"}],"version-history":[{"count":51,"href":"https:\/\/www.osellameavvocati.it\/web\/wp-json\/wp\/v2\/pages\/1564\/revisions"}],"predecessor-version":[{"id":2045,"href":"https:\/\/www.osellameavvocati.it\/web\/wp-json\/wp\/v2\/pages\/1564\/revisions\/2045"}],"wp:featuredmedia":[{"embeddable":true,"href":"https:\/\/www.osellameavvocati.it\/web\/wp-json\/wp\/v2\/media\/1751"}],"wp:attachment":[{"href":"https:\/\/www.osellameavvocati.it\/web\/wp-json\/wp\/v2\/media?parent=1564"}],"curies":[{"name":"wp","href":"https:\/\/api.w.org\/{rel}","templated":true}]}}