{"id":1747,"date":"2022-06-23T09:14:44","date_gmt":"2022-06-23T07:14:44","guid":{"rendered":"https:\/\/www.osellameavvocati.it\/web\/?page_id=1747"},"modified":"2022-09-30T09:11:58","modified_gmt":"2022-09-30T07:11:58","slug":"valori","status":"publish","type":"page","link":"https:\/\/www.osellameavvocati.it\/web\/valori\/","title":{"rendered":"Valori"},"content":{"rendered":"\n<div class=\"wp-block-ivory-heading heading\"><header class=\"heading--entry\"><div class=\"row\"><div class=\"col-12 col-lg-10\"><h6 class=\"heading__subtitle mt-0\" style=\"color: #363431;\">Valori<\/h6><h1 class=\"heading__title m-0\" style=\"color: #ba9678;\">Crediamo in ci\u00f2 che facciamo<\/h1><\/div><\/div><\/header><\/div>\n\n\n\n<div class=\"wp-block-ivory-image-distortion-effect image-distortion-effect\"><div class=\"image-distortion-effect__display image-distortion-effect__display--center pattern\"><div class=\"poster poster--horizontal\" data-src=\"https:\/\/www.osellameavvocati.it\/web\/wp-content\/uploads\/2022\/06\/header-servizi-legali.jpg\" data-id=\"1675\"><figure><\/figure><\/div><\/div><\/div>\n\n\n\n<div class=\"wp-block-ivory-announcement announcement\"><div class=\"row\"><div class=\"col-12 col-lg-10 offset-lg-1 text-center\"><p class=\"big\"><strong>Ogni giorno dedichiamo tempo e risorse per garantire il meglio nell\u2019assistenza professionale rivolta ai nostri Clienti.<\/strong><\/p><\/div><\/div><\/div>\n\n\n\n<div class=\"wp-block-columns\">\n<div class=\"wp-block-column\">\n<h5>Passione<\/h5>\nLa passione per le persone e per la tutela dei diritti \u00e8 fondamentale per tutta l\u2019attivit\u00e0 dello Studio e ci permette di affrontare ogni sfida con entusiasmo per garantire il massimo impegno e il miglior risultato.\n<\/div>\n\n\n\n<div class=\"wp-block-column\">\n<h5 style=\"color:#ba9678\">Etica<\/h5>\nL\u2019esperienza dello Studio \u00e8 ispirata dalla necessit\u00e0 di difendere e tutelare in modo efficace ed etico e guidata dalla volont\u00e0 di diffondere cultura giuridica (sapere \u00e8 potere) prestando ausilio alla collettivit\u00e0 per scopi sociali e solidali.\n<\/div>\n<\/div>\n\n\n\n<div class=\"wp-block-columns\">\n<div class=\"wp-block-column\">\n<h5 style=\"color:#ba9678\">Organizzazione<\/h5>\nLo Studio dispone di una struttura organizzativa altamente efficiente e dinamica, capace di fornire adeguata tutela e fornendo una consulenza trasversale in ogni ambito del diritto, avvalendosi anche di professionisti specializzata per ogni materia.\n<\/div>\n\n\n\n<div class=\"wp-block-column\">\n<h5>Gestione personalizzata<\/h5>\nLo Studio difende ed assiste grazie ad un rapporto con il cliente strettamente personale e diretto, una modalit\u00e0 fondamentale per il raggiungimento del miglior risultato.\n<\/div>\n<\/div>\n\n\n\n<div class=\"wp-block-columns\">\n<div class=\"wp-block-column\">\n<h5>Professionalit\u00e0<\/h5>\nLo Studio pone particolare attenzione all\u2019aggiornamento costante e all\u2019approfondimento del tema giuridico per poter sempre offrire il miglior servizio e ottenere il miglior risultato.\n<\/div>\n\n\n\n<div class=\"wp-block-column\">\n<h5 style=\"color:#ba9678\">Esperienza<\/h5>\nCon oltre vent\u2019anni di esperienza lo Studio \u00e8 in grado di fornire una difesa plasmata sulle reali esigenze dei Clienti.\n<\/div>\n<\/div>\n\n\n\n<div class=\"wp-block-columns\">\n<div class=\"wp-block-column\">\n<h5 style=\"color:#ba9678\">Multidisciplinariet\u00e0<\/h5>\nOltre alla preparazione e al costante aggiornamento lo Studio si avvale di accreditati consulenti e professionisti di diversa formazione giuridica per garantire la migliore assistenza nell\u2019ambito dei diversi processi.\n<\/div>\n\n\n\n<div class=\"wp-block-column\">\n<h5>Riservatezza<\/h5>\nLo Studio si avvale di ogni misura idonea a fornire il massimo della privacy gi\u00e0 dall\u2019accoglienza per tutelare e proteggere ogni informazione nel migliore dei modi e secondo le pi\u00f9 severe disposizioni di legge.\n<\/div>\n<\/div>\n\n\n\n<div class=\"wp-block-columns\">\n<div class=\"wp-block-column\">\n<h5>Risultati<\/h5>\nLe strategie dello Studio sono ideate e definite \u201cad personam\u201d in base alle reali necessit\u00e0 degli assistiti per garantire il miglior risultato possibile in modo efficace e con celerit\u00e0.\n<\/div>\n\n\n\n<div class=\"wp-block-column\"><\/div>\n<\/div>\n\n\n\n<div style=\"height:50px\" aria-hidden=\"true\" class=\"wp-block-spacer\"><\/div>\n\n\n\n<div class=\"wp-block-columns\">\n<div class=\"wp-block-column\" style=\"flex-basis:30%\"><\/div>\n\n\n\n<div class=\"wp-block-column\" style=\"flex-basis:40%\">\n<figure class=\"wp-block-image size-full\"><img loading=\"lazy\" width=\"667\" height=\"1134\" src=\"https:\/\/www.osellameavvocati.it\/web\/wp-content\/uploads\/2022\/09\/avvocati-treviso-montebelluna-1.jpg\" alt=\"\" class=\"wp-image-1921\" srcset=\"https:\/\/www.osellameavvocati.it\/web\/wp-content\/uploads\/2022\/09\/avvocati-treviso-montebelluna-1.jpg 667w, https:\/\/www.osellameavvocati.it\/web\/wp-content\/uploads\/2022\/09\/avvocati-treviso-montebelluna-1-176x300.jpg 176w, https:\/\/www.osellameavvocati.it\/web\/wp-content\/uploads\/2022\/09\/avvocati-treviso-montebelluna-1-602x1024.jpg 602w, https:\/\/www.osellameavvocati.it\/web\/wp-content\/uploads\/2022\/09\/avvocati-treviso-montebelluna-1-398x676.jpg 398w\" sizes=\"100vw\" \/><\/figure>\n<\/div>\n\n\n\n<div class=\"wp-block-column\" style=\"flex-basis:30%\"><\/div>\n<\/div>\n","protected":false},"excerpt":{"rendered":"<p>Valori Crediamo in ci\u00f2 che facciamo Passione La passione per le persone e per la tutela dei diritti \u00e8 fondamentale per tutta l\u2019attivit\u00e0 dello Studio&hellip;<\/p>\n","protected":false},"author":1,"featured_media":1675,"parent":0,"menu_order":0,"comment_status":"closed","ping_status":"closed","template":"","meta":[],"_links":{"self":[{"href":"https:\/\/www.osellameavvocati.it\/web\/wp-json\/wp\/v2\/pages\/1747"}],"collection":[{"href":"https:\/\/www.osellameavvocati.it\/web\/wp-json\/wp\/v2\/pages"}],"about":[{"href":"https:\/\/www.osellameavvocati.it\/web\/wp-json\/wp\/v2\/types\/page"}],"author":[{"embeddable":true,"href":"https:\/\/www.osellameavvocati.it\/web\/wp-json\/wp\/v2\/users\/1"}],"replies":[{"embeddable":true,"href":"https:\/\/www.osellameavvocati.it\/web\/wp-json\/wp\/v2\/comments?post=1747"}],"version-history":[{"count":23,"href":"https:\/\/www.osellameavvocati.it\/web\/wp-json\/wp\/v2\/pages\/1747\/revisions"}],"predecessor-version":[{"id":1985,"href":"https:\/\/www.osellameavvocati.it\/web\/wp-json\/wp\/v2\/pages\/1747\/revisions\/1985"}],"wp:featuredmedia":[{"embeddable":true,"href":"https:\/\/www.osellameavvocati.it\/web\/wp-json\/wp\/v2\/media\/1675"}],"wp:attachment":[{"href":"https:\/\/www.osellameavvocati.it\/web\/wp-json\/wp\/v2\/media?parent=1747"}],"curies":[{"name":"wp","href":"https:\/\/api.w.org\/{rel}","templated":true}]}}